{"id":10509,"date":"2023-06-01T00:00:07","date_gmt":"2023-05-31T22:00:07","guid":{"rendered":"http:\/\/lesnouvelleshybrides.fr\/?page_id=10509"},"modified":"2026-08-13T12:53:57","modified_gmt":"2026-08-13T10:53:57","slug":"les-ateliers-de-lecture-a-haute-voix","status":"publish","type":"page","link":"https:\/\/lesnouvelleshybrides.fr\/index.php\/les-ateliers-de-lecture-a-haute-voix\/","title":{"rendered":"Les ateliers de lecture \u00e0 haute voix"},"content":{"rendered":"<div class=\"wpb-content-wrapper\" id=\"wpb-content-root\"><p>[vc_row full_width=\u00a0\u00bbstretch_row\u00a0\u00bb el_class=\u00a0\u00bbbandeau-entete-page\u00a0\u00bb][vc_column][vc_column_text]<\/p>\n<p style=\"text-align: center;\">Valorisation de la litt\u00e9rature par l\u2019invitation d\u2019auteurs en r\u00e9sidence, entretiens, lectures \u00e0 haute voix, lectures musicales et ateliers\u2026<\/p>\n<p>[\/vc_column_text][\/vc_column][\/vc_row][vc_row][vc_column width=\u00a0\u00bb5\/6&Prime; enable_animation=\u00a0\u00bbtrue\u00a0\u00bb animation=\u00a0\u00bbfadeIn\u00a0\u00bb][vc_row_inner][vc_column_inner width=\u00a0\u00bb1\/4&Prime;][\/vc_column_inner][vc_column_inner width=\u00a0\u00bb3\/4&Prime;][vc_empty_space height=\u00a0\u00bb20px\u00a0\u00bb][vc_custom_heading text=\u00a0\u00bbLes ateliers\u00a0\u00bb font_container=\u00a0\u00bbtag:h3|text_align:left\u00a0\u00bb use_theme_fonts=\u00a0\u00bbyes\u00a0\u00bb css_animation=\u00a0\u00bbnone\u00a0\u00bb][vc_custom_heading text=\u00a0\u00bbLectures \u00e0 haute voix\u00a0\u00bb font_container=\u00a0\u00bbtag:h1|text_align:left\u00a0\u00bb use_theme_fonts=\u00a0\u00bbyes\u00a0\u00bb css_animation=\u00a0\u00bbnone\u00a0\u00bb][vc_empty_space height=\u00a0\u00bb10px\u00a0\u00bb][vc_column_text css_animation=\u00a0\u00bbnone\u00a0\u00bb el_class=\u00a0\u00bbtexte-bleu\u00a0\u00bb]Depuis plusieurs ann\u00e9es, Les Nouvelles Hybrides proposent de d\u00e9couvrir la litt\u00e9rature contemporaine par l&rsquo;exercice de la lecture \u00e0 haute voix. Invitations de com\u00e9diens lecteurs, formations pour les professionnels, ateliers pour les amateurs, les coll\u00e9giens&#8230; ont \u00e9t\u00e9, et sont encore, les formes explor\u00e9es par l&rsquo;association. Les Nouvelles Hybrides souhaitent partager plus amplement leur longue exp\u00e9rience de la lecture \u00e0 haute voix en ouvrant \u00e0 toutes et \u00e0 tous des ateliers durant toute l\u2019ann\u00e9e.[\/vc_column_text][vc_empty_space height=\u00a0\u00bb30px\u00a0\u00bb][\/vc_column_inner][\/vc_row_inner][\/vc_column][vc_column width=\u00a0\u00bb1\/6&Prime;][\/vc_column][\/vc_row][vc_row][vc_column]<div class=\"clearboth\"><\/div><div id=\"thegem-divider-6a99089472858\" class=\"gem-divider  \" style=\"border-width: 1px;width: 100%;border-color: #17428C;\" ><\/div>[vc_empty_space height=\u00a0\u00bb20px\u00a0\u00bb][\/vc_column][\/vc_row][vc_row][vc_column width=\u00a0\u00bb5\/6&Prime; enable_animation=\u00a0\u00bbtrue\u00a0\u00bb animation=\u00a0\u00bbfadeInUp\u00a0\u00bb][vc_row_inner][vc_column_inner width=\u00a0\u00bb1\/4&Prime; font_color=\u00a0\u00bb#45326b\u00a0\u00bb]<div class=\"gem-image gem-wrapbox gem-wrapbox-style-default gem-wrapbox-position-below  thegem-custom-6a990894728814182\"  style=\"\" ><div class=\"gem-wrapbox-inner \" ><a href=\"https:\/\/lesnouvelleshybrides.fr\/wp-content\/uploads\/2022\/10\/Atelier-Stan.jpg\" class=\"fancybox\"><img class=\"gem-wrapbox-element img-responsive\" src=\"https:\/\/lesnouvelleshybrides.fr\/wp-content\/uploads\/2022\/10\/Atelier-Stan.jpg\" alt=\"\"\/><\/a><\/div><style type=\"text\/css\">.thegem-custom-6a990894728814182.gem-image a:hover img {filter: brightness( 100% ) contrast( 100% ) saturate( 100% ) blur( 0px ) hue-rotate( 0deg );}<\/style><\/div>[\/vc_column_inner][vc_column_inner width=\u00a0\u00bb3\/4&Prime;][vc_custom_heading text=\u00a0\u00bbLes ateliers r\u00e9guliers\u00a0\u00bb use_theme_fonts=\u00a0\u00bbyes\u00a0\u00bb css_animation=\u00a0\u00bbnone\u00a0\u00bb][vc_empty_space height=\u00a0\u00bb20px\u00a0\u00bb][vc_column_text]<\/p>\n<p>Les ateliers se d\u00e9roulent toute l&rsquo;ann\u00e9e \u00e0 La Tour-d&rsquo;Aigues, le samedi matin de 10h \u00e0 13h, \u00e0 l&rsquo;exclusion des vacances scolaires.<\/p>\n<p>Prise de parole en public, lecture en famille, d\u00e9couverte de la litt\u00e9rature ou projet personnel\u2026 chacun selon ses motivations pourra se familiariser avec l\u2019approche d\u2019un texte adress\u00e9 \u00e0 un public.<br \/>\nAucune connaissance\u00a0 pr\u00e9alable n&rsquo;est requise.<\/p>\n<p>Ces ateliers r\u00e9guliers sont anim\u00e9s par Laure Erath et Marie-B\u00e9atrix Bost. Des lecteurs professionnels peuvent \u00e9galement intervenir ponctuellement .<br \/>\nLes participants pourront, pour celles et ceux qui le souhaitent, participer \u00e0 des pr\u00e9sentations publiques (festival, biblioth\u00e8ques, \u00e9tablissements scolaires&#8230;).<\/p>\n<p>[\/vc_column_text][vc_column_text]<\/p>\n<p><strong>Modalit\u00e9s :<br \/>\n<\/strong><\/p>\n<p>Deux s\u00e9ries d\u2019environ 10 ateliers sont propos\u00e9es :<br \/>\nDu samedi 19 septembre au samedi 16 janvier inclus.<br \/>\nDu samedi 30 janvier au samedi 29 mai inclus.<br \/>\nOn peut, au choix, s\u2019inscrire pour une ou pour deux s\u00e9ries (en septembre et en janvier).<br \/>\n<strong>Co\u00fbt par s\u00e9rie : 30 \u20ac<\/strong><\/p>\n<p>[\/vc_column_text][\/vc_column_inner][\/vc_row_inner][\/vc_column][vc_column width=\u00a0\u00bb1\/6&Prime; enable_animation=\u00a0\u00bbtrue\u00a0\u00bb animation=\u00a0\u00bbfadeInRight\u00a0\u00bb][vc_btn title=\u00a0\u00bbS&rsquo;inscrire\u00a0\u00bb align=\u00a0\u00bbcenter\u00a0\u00bb style=\u00a0\u00bbcustom\u00a0\u00bb custom_background=\u00a0\u00bb#17428c\u00a0\u00bb custom_text=\u00a0\u00bb#ffffff\u00a0\u00bb i_icon_fontawesome=\u00a0\u00bbfas fa-bookmark\u00a0\u00bb link=\u00a0\u00bburl:https%3A%2F%2Fwww.billetweb.fr%2Fatelier-de-lecture-a-haute-voix-pour-tous|||\u00a0\u00bb button_block=\u00a0\u00bbtrue\u00a0\u00bb add_icon=\u00a0\u00bbtrue\u00a0\u00bb el_class=\u00a0\u00bbbouton-bleu\u00a0\u00bb custom_hover_background=\u00a0\u00bb#E72770&Prime;][vc_custom_heading text=\u00a0\u00bbRentr\u00e9e\u00a0\u00bb font_container=\u00a0\u00bbtag:h4|text_align:left\u00a0\u00bb use_theme_fonts=\u00a0\u00bbyes\u00a0\u00bb css_animation=\u00a0\u00bbnone\u00a0\u00bb]<div class=\"clearboth\"><\/div><style>#thegem-divider-6a99089472c2f {margin-bottom: 10px !important;}<\/style><div id=\"thegem-divider-6a99089472c2f\" class=\"gem-divider  \" style=\"border-width: 1px;width: 100%;border-color: #17428C;\" ><\/div>[vc_column_text css_animation=\u00a0\u00bbnone\u00a0\u00bb el_class=\u00a0\u00bbtexte-bleu\u00a0\u00bb]Une r\u00e9union d&rsquo;information aura lieu le samedi 12 septembre 2026, \u00e0 la salle des Aires, \u00e0 La Tour-d&rsquo;Aigues.[\/vc_column_text][vc_custom_heading text=\u00a0\u00bbConditions\u00a0\u00bb font_container=\u00a0\u00bbtag:h4|text_align:left\u00a0\u00bb use_theme_fonts=\u00a0\u00bbyes\u00a0\u00bb css_animation=\u00a0\u00bbnone\u00a0\u00bb]<div class=\"clearboth\"><\/div><style>#thegem-divider-6a99089472c43 {margin-bottom: 10px !important;}<\/style><div id=\"thegem-divider-6a99089472c43\" class=\"gem-divider  \" style=\"border-width: 1px;width: 100%;border-color: #17428C;\" ><\/div>[vc_column_text css_animation=\u00a0\u00bbnone\u00a0\u00bb el_class=\u00a0\u00bbtexte-bleu\u00a0\u00bb]L&rsquo;adh\u00e9sion \u00e0 l&rsquo;association est obligatoire.<strong><br \/>\n<\/strong>Adh\u00e9sion annuelle : 15 \u20ac[\/vc_column_text][vc_btn title=\u00a0\u00bbAdh\u00e9rer\u00a0\u00bb align=\u00a0\u00bbcenter\u00a0\u00bb style=\u00a0\u00bbcustom\u00a0\u00bb custom_background=\u00a0\u00bb#17428c\u00a0\u00bb custom_text=\u00a0\u00bb#ffffff\u00a0\u00bb i_icon_fontawesome=\u00a0\u00bbfa fa-solid fa-circle-right\u00a0\u00bb link=\u00a0\u00bburl:http%3A%2F%2Flesnouvelleshybrides.fr%2Findex.php%2Fa-propos%2Fespace-adherents%2F\u00a0\u00bb button_block=\u00a0\u00bbtrue\u00a0\u00bb add_icon=\u00a0\u00bbtrue\u00a0\u00bb el_class=\u00a0\u00bbbouton-bleu\u00a0\u00bb custom_hover_background=\u00a0\u00bb#E72770&Prime;][\/vc_column][\/vc_row][vc_row][vc_column]<div class=\"clearboth\"><\/div><div id=\"thegem-divider-6a99089472c4d\" class=\"gem-divider  \" style=\"border-width: 1px;width: 100%;border-color: #17428C;\" ><\/div>[vc_empty_space height=\u00a0\u00bb20px\u00a0\u00bb][\/vc_column][\/vc_row][vc_row][vc_column width=\u00a0\u00bb5\/6&Prime; enable_animation=\u00a0\u00bbtrue\u00a0\u00bb animation=\u00a0\u00bbfadeInUp\u00a0\u00bb][vc_row_inner][vc_column_inner width=\u00a0\u00bb1\/4&Prime; font_color=\u00a0\u00bb#45326b\u00a0\u00bb][\/vc_column_inner][vc_column_inner width=\u00a0\u00bb3\/4&Prime;][vc_custom_heading text=\u00a0\u00bbLes stages\u00a0\u00bb use_theme_fonts=\u00a0\u00bbyes\u00a0\u00bb css_animation=\u00a0\u00bbnone\u00a0\u00bb][vc_empty_space height=\u00a0\u00bb10px\u00a0\u00bb][vc_column_text]Au gr\u00e9 des invitations de com\u00e9diens lecteurs pour des lectures associ\u00e9es \u00e0 des rencontres d&rsquo;auteur, des stages sont organis\u00e9s ponctuellement.<br \/>\nIls sont ouverts prioritairement aux personnes ayant d\u00e9j\u00e0 pratiqu\u00e9 la lecture \u00e0 haute voix, en amateur ou en professionnel ou ayant suivi les ateliers r\u00e9guliers.[\/vc_column_text][vc_empty_space height=\u00a0\u00bb10px\u00a0\u00bb][vc_column_text el_class=\u00a0\u00bbtexte-orange\u00a0\u00bb]<\/p>\n<p><strong>Informations :<\/strong><br \/>\n<a href=\"mailto:lesnouvelleshybrides.lectures@gmail.com\">lesnouvelleshybrides.lectures@gmail.com<\/a><\/p>\n<p>[\/vc_column_text][\/vc_column_inner][\/vc_row_inner][\/vc_column][vc_column width=\u00a0\u00bb1\/6&Prime; enable_animation=\u00a0\u00bbtrue\u00a0\u00bb animation=\u00a0\u00bbfadeInRight\u00a0\u00bb][\/vc_column][\/vc_row]<\/p>\n<\/div>","protected":false},"excerpt":{"rendered":"<p>[vc_row full_width=\u00a0\u00bbstretch_row\u00a0\u00bb el_class=\u00a0\u00bbbandeau-entete-page\u00a0\u00bb][vc_column][vc_column_text] Valorisation de la litt\u00e9rature par l\u2019invitation d\u2019auteurs en r\u00e9sidence, entretiens, lectures \u00e0 haute voix, lectures musicales et&#8230;<\/p>\n","protected":false},"author":2,"featured_media":0,"parent":0,"menu_order":0,"comment_status":"closed","ping_status":"closed","template":"","meta":{"h5ap_radio_sources":[],"footnotes":""},"class_list":["post-10509","page","type-page","status-publish"],"_links":{"self":[{"href":"https:\/\/lesnouvelleshybrides.fr\/index.php\/wp-json\/wp\/v2\/pages\/10509","targetHints":{"allow":["GET"]}}],"collection":[{"href":"https:\/\/lesnouvelleshybrides.fr\/index.php\/wp-json\/wp\/v2\/pages"}],"about":[{"href":"https:\/\/lesnouvelleshybrides.fr\/index.php\/wp-json\/wp\/v2\/types\/page"}],"author":[{"embeddable":true,"href":"https:\/\/lesnouvelleshybrides.fr\/index.php\/wp-json\/wp\/v2\/users\/2"}],"replies":[{"embeddable":true,"href":"https:\/\/lesnouvelleshybrides.fr\/index.php\/wp-json\/wp\/v2\/comments?post=10509"}],"version-history":[{"count":92,"href":"https:\/\/lesnouvelleshybrides.fr\/index.php\/wp-json\/wp\/v2\/pages\/10509\/revisions"}],"predecessor-version":[{"id":16594,"href":"https:\/\/lesnouvelleshybrides.fr\/index.php\/wp-json\/wp\/v2\/pages\/10509\/revisions\/16594"}],"wp:attachment":[{"href":"https:\/\/lesnouvelleshybrides.fr\/index.php\/wp-json\/wp\/v2\/media?parent=10509"}],"curies":[{"name":"wp","href":"https:\/\/api.w.org\/{rel}","templated":true}]}}